{"version":"1.0","provider_name":"HRTRENDS","provider_url":"https:\/\/empresas.infoempleo.com\/hrtrends","author_name":"In\u00e9s Molina","author_url":"https:\/\/empresas.infoempleo.com\/hrtrends\/autor\/ines-molina\/","title":"\u00abDuermo tranquilo y eso es lo m\u00e1s importante\u00bb | HRTRENDS","type":"rich","width":600,"height":338,"html":"<blockquote class=\"wp-embedded-content\" data-secret=\"ppmVSBatRx\"><a href=\"https:\/\/empresas.infoempleo.com\/hrtrends\/duermo-tranquilo-y-eso-es-lo-mas-importante\/\">\u00abDuermo tranquilo y eso es lo m\u00e1s importante\u00bb<\/a><\/blockquote><iframe sandbox=\"allow-scripts\" security=\"restricted\" src=\"https:\/\/empresas.infoempleo.com\/hrtrends\/duermo-tranquilo-y-eso-es-lo-mas-importante\/embed\/#?secret=ppmVSBatRx\" width=\"600\" height=\"338\" title=\"\u00ab\u00abDuermo tranquilo y eso es lo m\u00e1s importante\u00bb\u00bb \u2014 HRTRENDS\" data-secret=\"ppmVSBatRx\" frameborder=\"0\" marginwidth=\"0\" marginheight=\"0\" scrolling=\"no\" class=\"wp-embedded-content\"><\/iframe><script type=\"text\/javascript\">\n\/* <![CDATA[ *\/\n\/*! This file is auto-generated *\/\n!function(d,l){\"use strict\";l.querySelector&&d.addEventListener&&\"undefined\"!=typeof URL&&(d.wp=d.wp||{},d.wp.receiveEmbedMessage||(d.wp.receiveEmbedMessage=function(e){var t=e.data;if((t||t.secret||t.message||t.value)&&!\/[^a-zA-Z0-9]\/.test(t.secret)){for(var s,r,n,a=l.querySelectorAll('iframe[data-secret=\"'+t.secret+'\"]'),o=l.querySelectorAll('blockquote[data-secret=\"'+t.secret+'\"]'),c=new RegExp(\"^https?:$\",\"i\"),i=0;i<o.length;i++)o[i].style.display=\"none\";for(i=0;i<a.length;i++)s=a[i],e.source===s.contentWindow&&(s.removeAttribute(\"style\"),\"height\"===t.message?(1e3<(r=parseInt(t.value,10))?r=1e3:~~r<200&&(r=200),s.height=r):\"link\"===t.message&&(r=new URL(s.getAttribute(\"src\")),n=new URL(t.value),c.test(n.protocol))&&n.host===r.host&&l.activeElement===s&&(d.top.location.href=t.value))}},d.addEventListener(\"message\",d.wp.receiveEmbedMessage,!1),l.addEventListener(\"DOMContentLoaded\",function(){for(var e,t,s=l.querySelectorAll(\"iframe.wp-embedded-content\"),r=0;r<s.length;r++)(t=(e=s[r]).getAttribute(\"data-secret\"))||(t=Math.random().toString(36).substring(2,12),e.src+=\"#?secret=\"+t,e.setAttribute(\"data-secret\",t)),e.contentWindow.postMessage({message:\"ready\",secret:t},\"*\")},!1)))}(window,document);\n\/* ]]> *\/\n<\/script>\n","thumbnail_url":"https:\/\/empresas.infoempleo.com\/hrtrends\/media\/2009\/05\/ingeniero-caminos.jpg","thumbnail_width":456,"thumbnail_height":285,"description":"La suya es una carrera consistente, llena de retos y de oportunidades. Desde su beca en Salt Lake City, pasando por sus primeros pasos en un incipiente sector inform\u00e1tico, sin olvidar su salto al ruedo empresarial con SATEC, una compa\u00f1\u00eda que ha cumplido dos d\u00e9cadas y cuenta con 1.000 empleados."}